{"id":6547,"date":"2023-05-19T10:44:24","date_gmt":"2023-05-19T10:44:24","guid":{"rendered":"https:\/\/madeinnfaro.pt\/politica-de-privacidade-e-proteccao-de-dados\/"},"modified":"2023-07-17T08:31:20","modified_gmt":"2023-07-17T08:31:20","slug":"privacy-policy-and-personal-data-protection","status":"publish","type":"page","link":"https:\/\/madeinnfaro.pt\/en\/privacy-policy-and-personal-data-protection\/","title":{"rendered":"Privacy Policy and Personal Data Protection"},"content":{"rendered":"\t\t<div data-elementor-type=\"wp-page\" data-elementor-id=\"6547\" class=\"elementor elementor-6547 elementor-3\" data-elementor-post-type=\"page\">\n\t\t\t\t\t\t<section class=\"elementor-section elementor-top-section elementor-element elementor-element-101b5365 elementor-section-boxed elementor-section-height-default elementor-section-height-default\" data-id=\"101b5365\" data-element_type=\"section\" data-e-type=\"section\">\n\t\t\t\t\t\t<div class=\"elementor-container elementor-column-gap-default\">\n\t\t\t\t\t<div class=\"elementor-column elementor-col-100 elementor-top-column elementor-element elementor-element-6fa5a6f\" data-id=\"6fa5a6f\" data-element_type=\"column\" data-e-type=\"column\">\n\t\t\t<div class=\"elementor-widget-wrap elementor-element-populated\">\n\t\t\t\t\t\t<div class=\"elementor-element elementor-element-f3a835f elementor-align-left elementor-widget elementor-widget-heading\" data-id=\"f3a835f\" data-element_type=\"widget\" data-e-type=\"widget\" data-widget_type=\"heading.default\">\n\t\t\t\t<div class=\"elementor-widget-container\">\n\t\t\t\t\t<h2 class=\"elementor-heading-title elementor-size-default\">Privacy Policy and Personal Data Protection <\/h2>\t\t\t\t<\/div>\n\t\t\t\t<\/div>\n\t\t\t\t<div class=\"elementor-element elementor-element-37b4654 elementor-align-left elementor-widget elementor-widget-heading\" data-id=\"37b4654\" data-element_type=\"widget\" data-e-type=\"widget\" data-widget_type=\"heading.default\">\n\t\t\t\t<div class=\"elementor-widget-container\">\n\t\t\t\t\t<h3 class=\"elementor-heading-title elementor-size-default\">Personal <\/h3>\t\t\t\t<\/div>\n\t\t\t\t<\/div>\n\t\t\t\t<div class=\"elementor-element elementor-element-d58c5a5 elementor-widget elementor-widget-text-editor\" data-id=\"d58c5a5\" data-element_type=\"widget\" data-e-type=\"widget\" data-widget_type=\"text-editor.default\">\n\t\t\t\t<div class=\"elementor-widget-container\">\n\t\t\t\t\t        <div class=\"elementor-text-editor elementor-clearfix\"><p><span data-contrast=\"auto\">For Hotel MADE INN Faro, the confidentiality and integrity of personal data of its associates, partners, or individual clients are of utmost importance. The use of data will always be carried out in accordance with the General Data Protection Regulation (Regulation (EU) 2016\/679 of the European Parliament and of the Council, of 27 April 2016) concerning the protection of individuals with regard to the processing of personal data and the free movement of such data.<\/span><span data-ccp-props=\"{&quot;201341983&quot;:0,&quot;335559739&quot;:160,&quot;335559740&quot;:259}\">\u00a0<\/span><\/p><p><span data-contrast=\"auto\">This Privacy Policy and Personal Data Protection aims to inform you how your personal data is used, how it can be updated, managed, or deleted, as well as the ways to contact the data controllers.<\/span><span data-ccp-props=\"{&quot;201341983&quot;:0,&quot;335559739&quot;:160,&quot;335559740&quot;:259}\">\u00a0<\/span><\/p><p><span data-contrast=\"auto\">The website address of Hotel MADE INN Faro is https:\/\/madeinnfaro.pt<\/span><span data-ccp-props=\"{&quot;201341983&quot;:0,&quot;335559739&quot;:160,&quot;335559740&quot;:259}\">\u00a0<\/span><\/p><\/div>\n        \t\t\t\t<\/div>\n\t\t\t\t<\/div>\n\t\t\t\t<div class=\"elementor-element elementor-element-92fbe51 elementor-align-left elementor-widget elementor-widget-heading\" data-id=\"92fbe51\" data-element_type=\"widget\" data-e-type=\"widget\" data-widget_type=\"heading.default\">\n\t\t\t\t<div class=\"elementor-widget-container\">\n\t\t\t\t\t<h3 class=\"elementor-heading-title elementor-size-default\">1. Purpose of personal data collected by Hotel Made Inn Faro <\/h3>\t\t\t\t<\/div>\n\t\t\t\t<\/div>\n\t\t\t\t<div class=\"elementor-element elementor-element-685216c elementor-widget elementor-widget-text-editor\" data-id=\"685216c\" data-element_type=\"widget\" data-e-type=\"widget\" data-widget_type=\"text-editor.default\">\n\t\t\t\t<div class=\"elementor-widget-container\">\n\t\t\t\t\t        <div class=\"elementor-text-editor elementor-clearfix\"><p><span data-contrast=\"auto\">The collected data is processed and handled in accordance with the approved terms by the National Data Protection Commission (CNPD). Hotel MADE INN Faro requires explicit and free consent from the data subject for the processing of their data for receiving newsletters, event registration organized by Hotel MADE INN Faro, and accessing the Members&#8217; Area (exclusively for members).<\/span><span data-ccp-props=\"{&quot;201341983&quot;:0,&quot;335559739&quot;:160,&quot;335559740&quot;:259}\">\u00a0<\/span><\/p><p><span data-contrast=\"auto\">The personal data entered in the event registration form, specifically the name and email address, will be stored by Hotel MADE INN Faro for the subsequent sending of documentation related to that event, quarterly newsletters, and invitations to participate in other future events. The email address will also be stored by Hotel MADE INN Faro for future relevant communications.<\/span><span data-ccp-props=\"{&quot;201341983&quot;:0,&quot;335559739&quot;:160,&quot;335559740&quot;:259}\">\u00a0<\/span><\/p><\/div>\n        \t\t\t\t<\/div>\n\t\t\t\t<\/div>\n\t\t\t\t<div class=\"elementor-element elementor-element-95ba5a2 elementor-align-left elementor-widget elementor-widget-heading\" data-id=\"95ba5a2\" data-element_type=\"widget\" data-e-type=\"widget\" data-widget_type=\"heading.default\">\n\t\t\t\t<div class=\"elementor-widget-container\">\n\t\t\t\t\t<h3 class=\"elementor-heading-title elementor-size-default\">2. Protection of personal data <\/h3>\t\t\t\t<\/div>\n\t\t\t\t<\/div>\n\t\t\t\t<div class=\"elementor-element elementor-element-1d4103b elementor-widget elementor-widget-text-editor\" data-id=\"1d4103b\" data-element_type=\"widget\" data-e-type=\"widget\" data-widget_type=\"text-editor.default\">\n\t\t\t\t<div class=\"elementor-widget-container\">\n\t\t\t\t\t        <div class=\"elementor-text-editor elementor-clearfix\"><p><span data-contrast=\"auto\">Despite the risks associated with data circulation, such as unauthorized access, misappropriation, misuse, loss, and alteration, Hotel MADE INN Faro has internal measures in place to mitigate these risks, without prejudice to the fallibility of Internet security measures or other tools used by Hotel MADE INN Faro.<\/span><span data-ccp-props=\"{&quot;201341983&quot;:0,&quot;335559739&quot;:160,&quot;335559740&quot;:259}\">\u00a0<\/span><\/p><p><span data-contrast=\"auto\">The following data protection measures are highlighted:<\/span><span data-ccp-props=\"{&quot;201341983&quot;:0,&quot;335559739&quot;:160,&quot;335559740&quot;:259}\">\u00a0<\/span><\/p><p><span data-contrast=\"auto\">Storage on a protected server, used and accessed exclusively in accordance with internally defined security policies and standards;<\/span><span data-ccp-props=\"{&quot;201341983&quot;:0,&quot;335559739&quot;:160,&quot;335559740&quot;:259}\">\u00a0<\/span><\/p><p><span data-contrast=\"auto\">Data encryption and security of the applications processing them;<\/span><span data-ccp-props=\"{&quot;201341983&quot;:0,&quot;335559739&quot;:160,&quot;335559740&quot;:259}\">\u00a0<\/span><\/p><p><span data-contrast=\"auto\">Restricted and limited access to personal data, according to the needs arising from Hotel MADE INN Faro&#8217;s activity;<\/span><span data-ccp-props=\"{&quot;201341983&quot;:0,&quot;335559739&quot;:160,&quot;335559740&quot;:259}\">\u00a0<\/span><\/p><p><span data-contrast=\"auto\">Authentication tools in the software used.<\/span><span data-ccp-props=\"{&quot;201341983&quot;:0,&quot;335559739&quot;:160,&quot;335559740&quot;:259}\">\u00a0<\/span><\/p><p><span data-contrast=\"auto\">Personal data is retained only for the period deemed necessary for the purpose for which it was collected or, upon request from the data subject, for the period after which it will be deleted.<\/span><span data-ccp-props=\"{&quot;201341983&quot;:0,&quot;335559739&quot;:160,&quot;335559740&quot;:259}\">\u00a0<\/span><\/p><p><span data-contrast=\"auto\">In cases where there is a legal requirement regarding data retention period, the right to erasure can only be exercised after that period.<\/span><span data-ccp-props=\"{&quot;201341983&quot;:0,&quot;335559739&quot;:160,&quot;335559740&quot;:259}\">\u00a0<\/span><\/p><\/div>\n        \t\t\t\t<\/div>\n\t\t\t\t<\/div>\n\t\t\t\t<div class=\"elementor-element elementor-element-b2867d9 elementor-align-left elementor-widget elementor-widget-heading\" data-id=\"b2867d9\" data-element_type=\"widget\" data-e-type=\"widget\" data-widget_type=\"heading.default\">\n\t\t\t\t<div class=\"elementor-widget-container\">\n\t\t\t\t\t<h3 class=\"elementor-heading-title elementor-size-default\">3. Rights of the data subject <\/h3>\t\t\t\t<\/div>\n\t\t\t\t<\/div>\n\t\t\t\t<div class=\"elementor-element elementor-element-440e348 elementor-widget elementor-widget-text-editor\" data-id=\"440e348\" data-element_type=\"widget\" data-e-type=\"widget\" data-widget_type=\"text-editor.default\">\n\t\t\t\t<div class=\"elementor-widget-container\">\n\t\t\t\t\t        <div class=\"elementor-text-editor elementor-clearfix\"><p><span data-contrast=\"auto\">The data subject may request access, rectification, or deletion of their data, as well as restriction or portability to other entities, from Hotel MADE INN Faro.<\/span><span data-ccp-props=\"{&quot;201341983&quot;:0,&quot;335559739&quot;:160,&quot;335559740&quot;:259}\">\u00a0<\/span><\/p><p><span data-contrast=\"auto\">This request should be sent to the email address: geral@madeinnfaro.pt.<\/span><span data-ccp-props=\"{&quot;201341983&quot;:0,&quot;335559739&quot;:160,&quot;335559740&quot;:259}\">\u00a0<\/span><\/p><p><span data-contrast=\"auto\">However, whenever there is a legal data retention period, Hotel MADE INN Faro reserves the right not to fulfill the request, informing the data subject of the respective reasons.<\/span><span data-ccp-props=\"{&quot;201341983&quot;:0,&quot;335559739&quot;:160,&quot;335559740&quot;:259}\">\u00a0<\/span><\/p><p><span data-contrast=\"auto\">The data subject has the right to lodge a complaint or report to the supervisory authority in Portugal, the National Data Protection Commission (CNPD).<\/span><span data-ccp-props=\"{&quot;201341983&quot;:0,&quot;335559739&quot;:160,&quot;335559740&quot;:259}\">\u00a0<\/span><\/p><\/div>\n        \t\t\t\t<\/div>\n\t\t\t\t<\/div>\n\t\t\t\t<div class=\"elementor-element elementor-element-aeb50e2 elementor-align-left elementor-widget elementor-widget-heading\" data-id=\"aeb50e2\" data-element_type=\"widget\" data-e-type=\"widget\" data-widget_type=\"heading.default\">\n\t\t\t\t<div class=\"elementor-widget-container\">\n\t\t\t\t\t<h3 class=\"elementor-heading-title elementor-size-default\">4. Transmission of personal data to third parties <\/h3>\t\t\t\t<\/div>\n\t\t\t\t<\/div>\n\t\t\t\t<div class=\"elementor-element elementor-element-6717a2b elementor-widget elementor-widget-text-editor\" data-id=\"6717a2b\" data-element_type=\"widget\" data-e-type=\"widget\" data-widget_type=\"text-editor.default\">\n\t\t\t\t<div class=\"elementor-widget-container\">\n\t\t\t\t\t        <div class=\"elementor-text-editor elementor-clearfix\"><p><span data-contrast=\"auto\">The data subject may request access, rectification, or deletion of their data, as well as restriction or portability to other entities, from Hotel MADE INN Faro.<\/span><span data-ccp-props=\"{&quot;201341983&quot;:0,&quot;335559739&quot;:160,&quot;335559740&quot;:259}\">\u00a0<\/span><\/p><p><span data-contrast=\"auto\">This request should be sent to the email address: geral@madeinnfaro.pt.<\/span><span data-ccp-props=\"{&quot;201341983&quot;:0,&quot;335559739&quot;:160,&quot;335559740&quot;:259}\">\u00a0<\/span><\/p><p><span data-contrast=\"auto\">However, whenever there is a legal data retention period, Hotel MADE INN Faro reserves the right not to fulfill the request, informing the data subject of the respective reasons.<\/span><span data-ccp-props=\"{&quot;201341983&quot;:0,&quot;335559739&quot;:160,&quot;335559740&quot;:259}\">\u00a0<\/span><\/p><p><span data-contrast=\"auto\">The data subject has the right to lodge a complaint or report to the supervisory authority in Portugal the National Data Protection Commission (CNPD).<\/span><span data-ccp-props=\"{&quot;201341983&quot;:0,&quot;335559739&quot;:160,&quot;335559740&quot;:259}\">\u00a0<\/span><\/p><\/div>\n        \t\t\t\t<\/div>\n\t\t\t\t<\/div>\n\t\t\t\t<div class=\"elementor-element elementor-element-7d97d3c elementor-align-left elementor-widget elementor-widget-heading\" data-id=\"7d97d3c\" data-element_type=\"widget\" data-e-type=\"widget\" data-widget_type=\"heading.default\">\n\t\t\t\t<div class=\"elementor-widget-container\">\n\t\t\t\t\t<h3 class=\"elementor-heading-title elementor-size-default\">5. Analytical Information Collected through Other Technical Means <\/h3>\t\t\t\t<\/div>\n\t\t\t\t<\/div>\n\t\t\t\t<div class=\"elementor-element elementor-element-96c8606 elementor-widget elementor-widget-text-editor\" data-id=\"96c8606\" data-element_type=\"widget\" data-e-type=\"widget\" data-widget_type=\"text-editor.default\">\n\t\t\t\t<div class=\"elementor-widget-container\">\n\t\t\t\t\t        <div class=\"elementor-text-editor elementor-clearfix\"><p><span data-contrast=\"auto\">Hotel MADE INN Faro uses Google Analytics to monitor and collect statistical information regarding the general usage of the website www.madeinnfaro.pt. This includes demographic and geographic information, browser and operating system information, website behaviors, and dates and times of website access.<\/span><span data-ccp-props=\"{&quot;201341983&quot;:0,&quot;335559739&quot;:160,&quot;335559740&quot;:259}\">\u00a0<\/span><\/p><p><span data-contrast=\"auto\">The data used for this purpose does not contain personally identifiable information or private information, and any personal data that could individually identify users in relation to the website usage is not stored.<\/span><span data-ccp-props=\"{&quot;201341983&quot;:0,&quot;335559739&quot;:160,&quot;335559740&quot;:259}\">\u00a0<\/span><\/p><\/div>\n        \t\t\t\t<\/div>\n\t\t\t\t<\/div>\n\t\t\t\t<div class=\"elementor-element elementor-element-e8ef5eb elementor-align-left elementor-widget elementor-widget-heading\" data-id=\"e8ef5eb\" data-element_type=\"widget\" data-e-type=\"widget\" data-widget_type=\"heading.default\">\n\t\t\t\t<div class=\"elementor-widget-container\">\n\t\t\t\t\t<h3 class=\"elementor-heading-title elementor-size-default\">6. Controller of Personal Data Processing <\/h3>\t\t\t\t<\/div>\n\t\t\t\t<\/div>\n\t\t\t\t<div class=\"elementor-element elementor-element-566bc38 elementor-widget elementor-widget-text-editor\" data-id=\"566bc38\" data-element_type=\"widget\" data-e-type=\"widget\" data-widget_type=\"text-editor.default\">\n\t\t\t\t<div class=\"elementor-widget-container\">\n\t\t\t\t\t        <div class=\"elementor-text-editor elementor-clearfix\"><p><span data-contrast=\"auto\">Hotel MADE INN Faro is responsible for the collection, processing, storage, and\/or elimination of personal data of its members, partners, or individual clients. Any inquiries regarding the use of personal data should be addressed to the email address geral@madeinnfaro.pt or by sending a letter to the following address: Rua Miguel Bombarda, 64 8000-394 Faro.<\/span><span data-ccp-props=\"{&quot;201341983&quot;:0,&quot;335559739&quot;:160,&quot;335559740&quot;:259}\">\u00a0<\/span><\/p><p><span data-contrast=\"auto\">In compliance with its responsibilities and according to the terms and deadlines set forth in Article 33 of the General Data Protection Regulation (GDPR), Hotel MADE INN Faro will notify the National Data Protection Commission (CNPD) whenever it becomes aware of any personal data breach events, as defined in Article 4(12) of the GDPR.<\/span><span data-ccp-props=\"{&quot;201341983&quot;:0,&quot;335559739&quot;:160,&quot;335559740&quot;:259}\">\u00a0<\/span><\/p><p><span data-contrast=\"auto\">Hotel MADE INN Faro commits to:<\/span><span data-ccp-props=\"{&quot;201341983&quot;:0,&quot;335559739&quot;:160,&quot;335559740&quot;:259}\">\u00a0<\/span><\/p><p>&#8211; <span class=\"TextRun SCXW76271128 BCX0\" lang=\"EN-US\" xml:lang=\"EN-US\" data-contrast=\"auto\"><span class=\"NormalTextRun SCXW76271128 BCX0\">Treat data in a lawful and fair manner, collecting only the relevant and necessary information for the intended purpose<\/span><\/span>;<br \/>&#8211; <span class=\"TextRun SCXW86705735 BCX0\" lang=\"EN-US\" xml:lang=\"EN-US\" data-contrast=\"auto\"><span class=\"NormalTextRun SCXW86705735 BCX0\">Not use the collected data for purposes incompatible with the collection<\/span><\/span>;<br \/>&#8211; <span class=\"NormalTextRun SCXW100787303 BCX0\">Ensure explicit consent from data subjects whenever <\/span><span class=\"NormalTextRun SCXW100787303 BCX0\">required<\/span>;<br \/>&#8211; <span class=\"TextRun SCXW28431694 BCX0\" lang=\"EN-US\" xml:lang=\"EN-US\" data-contrast=\"auto\"><span class=\"NormalTextRun SCXW28431694 BCX0\">Allow access and modification of personal information by data subjects<\/span><\/span>;<br \/>&#8211; <span class=\"NormalTextRun SCXW122424435 BCX0\">Provide<\/span><span class=\"NormalTextRun SCXW122424435 BCX0\"> free deletion of the data used upon request by the data subject<\/span>;<br \/>&#8211; <span class=\"NormalTextRun SCXW12055035 BCX0\">Maintain professional confidentiality <\/span><span class=\"NormalTextRun SCXW12055035 BCX0\">regarding<\/span><span class=\"NormalTextRun SCXW12055035 BCX0\"> the processed information<\/span>;<br \/>&#8211; <span class=\"NormalTextRun SCXW91660220 BCX0\">Keep data <\/span><span class=\"NormalTextRun SCXW91660220 BCX0\">accurate<\/span><span class=\"NormalTextRun SCXW91660220 BCX0\"> and, when necessary, update it<\/span>;<br \/>&#8211; <span class=\"TextRun SCXW200611725 BCX0\" lang=\"EN-US\" xml:lang=\"EN-US\" data-contrast=\"auto\"><span class=\"NormalTextRun SCXW200611725 BCX0\">Ensure security systems that prevent unauthorized access, modification, destruction, or addition of data by unauthorized individuals<\/span><\/span>;<br \/>&#8211; <span class=\"TextRun SCXW193159706 BCX0\" lang=\"EN-US\" xml:lang=\"EN-US\" data-contrast=\"auto\"><span class=\"NormalTextRun SCXW193159706 BCX0\">Not sell, lend, or engage in any form of commercialization of personal information collected online or offline<\/span><\/span>;<br \/>&#8211; <span class=\"TextRun SCXW102113337 BCX0\" lang=\"EN-US\" xml:lang=\"EN-US\" data-contrast=\"auto\"><span class=\"NormalTextRun SCXW102113337 BCX0\">Not share personal data with other individuals\/entities, except as provided in clause 4 &#8220;Transmission of personal data to third parties,&#8221; unless requested by the data subject not to share such data<\/span><\/span>.<\/p><\/div>\n        \t\t\t\t<\/div>\n\t\t\t\t<\/div>\n\t\t\t\t<div class=\"elementor-element elementor-element-8fb82e0 elementor-align-left elementor-widget elementor-widget-heading\" data-id=\"8fb82e0\" data-element_type=\"widget\" data-e-type=\"widget\" data-widget_type=\"heading.default\">\n\t\t\t\t<div class=\"elementor-widget-container\">\n\t\t\t\t\t<h3 class=\"elementor-heading-title elementor-size-default\">7. Final Provisions <\/h3>\t\t\t\t<\/div>\n\t\t\t\t<\/div>\n\t\t\t\t<div class=\"elementor-element elementor-element-cb4255a elementor-widget elementor-widget-text-editor\" data-id=\"cb4255a\" data-element_type=\"widget\" data-e-type=\"widget\" data-widget_type=\"text-editor.default\">\n\t\t\t\t<div class=\"elementor-widget-container\">\n\t\t\t\t\t        <div class=\"elementor-text-editor elementor-clearfix\"><p><span class=\"TextRun SCXW117088606 BCX0\" lang=\"EN-US\" xml:lang=\"EN-US\" data-contrast=\"auto\"><span class=\"NormalTextRun SCXW117088606 BCX0\">This document is available in an accessible area on the Hotel MADE INN Faro website. Hotel MADE INN Faro reserves the right to <\/span><span class=\"NormalTextRun SCXW117088606 BCX0\">modify<\/span><span class=\"NormalTextRun SCXW117088606 BCX0\"> this Policy without prior notice to adapt to any legislative changes or recommendations from CNPD.<\/span><\/span><span class=\"EOP SCXW117088606 BCX0\" data-ccp-props=\"{&quot;201341983&quot;:0,&quot;335559739&quot;:160,&quot;335559740&quot;:259}\">\u00a0<\/span><\/p><\/div>\n        \t\t\t\t<\/div>\n\t\t\t\t<\/div>\n\t\t\t\t\t<\/div>\n\t\t<\/div>\n\t\t\t\t\t<\/div>\n\t\t<\/section>\n\t\t\t\t<\/div>\n\t\t","protected":false},"excerpt":{"rendered":"<p>Privacy Policy and Personal Data Protection Personal For Hotel MADE INN Faro, the confidentiality and integrity of personal data of its associates, partners, or individual clients are of utmost importance. The use of data will always be carried out in accordance with the General Data Protection Regulation (Regulation (EU) 2016\/679 of the European Parliament and &hellip; <span class=\"more-link-wrap\"><a href=\"https:\/\/madeinnfaro.pt\/en\/privacy-policy-and-personal-data-protection\/\" class=\"more-link\">Read More <span class=\"screen-reader-text\"> &#8220;Privacy Policy and Personal Data Protection&#8221;<\/span><\/a><\/span><\/p>\n","protected":false},"author":1,"featured_media":0,"parent":0,"menu_order":0,"comment_status":"closed","ping_status":"closed","template":"","meta":{"inline_featured_image":false,"footnotes":""},"class_list":["post-6547","page","type-page","status-publish","hentry"],"yoast_head":"<!-- This site is optimized with the Yoast SEO plugin v27.4 - https:\/\/yoast.com\/product\/yoast-seo-wordpress\/ -->\n<title>Privacy Policy and Personal Data Protection - Made Inn Faro<\/title>\n<meta name=\"robots\" content=\"index, follow, max-snippet:-1, max-image-preview:large, max-video-preview:-1\" \/>\n<link rel=\"canonical\" href=\"https:\/\/madeinnfaro.pt\/en\/privacy-policy-and-personal-data-protection\/\" \/>\n<meta property=\"og:locale\" content=\"en_US\" \/>\n<meta property=\"og:type\" content=\"article\" \/>\n<meta property=\"og:title\" content=\"Privacy Policy and Personal Data Protection - Made Inn Faro\" \/>\n<meta property=\"og:description\" content=\"Privacy Policy and Personal Data Protection Personal For Hotel MADE INN Faro, the confidentiality and integrity of personal data of its associates, partners, or individual clients are of utmost importance. The use of data will always be carried out in accordance with the General Data Protection Regulation (Regulation (EU) 2016\/679 of the European Parliament and &hellip; Read More &quot;Privacy Policy and Personal Data Protection&quot;\" \/>\n<meta property=\"og:url\" content=\"https:\/\/madeinnfaro.pt\/en\/privacy-policy-and-personal-data-protection\/\" \/>\n<meta property=\"og:site_name\" content=\"Made Inn Faro\" \/>\n<meta property=\"article:modified_time\" content=\"2023-07-17T08:31:20+00:00\" \/>\n<meta name=\"twitter:card\" content=\"summary_large_image\" \/>\n<meta name=\"twitter:label1\" content=\"Est. reading time\" \/>\n\t<meta name=\"twitter:data1\" content=\"5 minutes\" \/>\n<script type=\"application\/ld+json\" class=\"yoast-schema-graph\">{\"@context\":\"https:\\\/\\\/schema.org\",\"@graph\":[{\"@type\":\"WebPage\",\"@id\":\"https:\\\/\\\/madeinnfaro.pt\\\/en\\\/privacy-policy-and-personal-data-protection\\\/\",\"url\":\"https:\\\/\\\/madeinnfaro.pt\\\/en\\\/privacy-policy-and-personal-data-protection\\\/\",\"name\":\"Privacy Policy and Personal Data Protection - Made Inn Faro\",\"isPartOf\":{\"@id\":\"https:\\\/\\\/madeinnfaro.pt\\\/en\\\/#website\"},\"datePublished\":\"2023-05-19T10:44:24+00:00\",\"dateModified\":\"2023-07-17T08:31:20+00:00\",\"breadcrumb\":{\"@id\":\"https:\\\/\\\/madeinnfaro.pt\\\/en\\\/privacy-policy-and-personal-data-protection\\\/#breadcrumb\"},\"inLanguage\":\"en-US\",\"potentialAction\":[{\"@type\":\"ReadAction\",\"target\":[\"https:\\\/\\\/madeinnfaro.pt\\\/en\\\/privacy-policy-and-personal-data-protection\\\/\"]}]},{\"@type\":\"BreadcrumbList\",\"@id\":\"https:\\\/\\\/madeinnfaro.pt\\\/en\\\/privacy-policy-and-personal-data-protection\\\/#breadcrumb\",\"itemListElement\":[{\"@type\":\"ListItem\",\"position\":1,\"name\":\"In\u00edcio\",\"item\":\"https:\\\/\\\/madeinnfaro.pt\\\/en\\\/\"},{\"@type\":\"ListItem\",\"position\":2,\"name\":\"Privacy Policy and Personal Data Protection\"}]},{\"@type\":\"WebSite\",\"@id\":\"https:\\\/\\\/madeinnfaro.pt\\\/en\\\/#website\",\"url\":\"https:\\\/\\\/madeinnfaro.pt\\\/en\\\/\",\"name\":\"Made Inn Faro\",\"description\":\"O Hotel MADE INN Faro \u00e9 um hotel urbano, elegante, pr\u00e1tico e muito confort\u00e1vel. Situado na cidade de Faro, capital de distrito do sotavento Algarvio, tem vistas para a cidade e para a Ria Formosa.\",\"publisher\":{\"@id\":\"https:\\\/\\\/madeinnfaro.pt\\\/en\\\/#organization\"},\"potentialAction\":[{\"@type\":\"SearchAction\",\"target\":{\"@type\":\"EntryPoint\",\"urlTemplate\":\"https:\\\/\\\/madeinnfaro.pt\\\/en\\\/?s={search_term_string}\"},\"query-input\":{\"@type\":\"PropertyValueSpecification\",\"valueRequired\":true,\"valueName\":\"search_term_string\"}}],\"inLanguage\":\"en-US\"},{\"@type\":\"Organization\",\"@id\":\"https:\\\/\\\/madeinnfaro.pt\\\/en\\\/#organization\",\"name\":\"Made Inn Faro\",\"url\":\"https:\\\/\\\/madeinnfaro.pt\\\/en\\\/\",\"logo\":{\"@type\":\"ImageObject\",\"inLanguage\":\"en-US\",\"@id\":\"https:\\\/\\\/madeinnfaro.pt\\\/en\\\/#\\\/schema\\\/logo\\\/image\\\/\",\"url\":\"https:\\\/\\\/madeinnfaro.pt\\\/wp-content\\\/uploads\\\/2023\\\/05\\\/logo-made-inn-faro_250.png\",\"contentUrl\":\"https:\\\/\\\/madeinnfaro.pt\\\/wp-content\\\/uploads\\\/2023\\\/05\\\/logo-made-inn-faro_250.png\",\"width\":250,\"height\":169,\"caption\":\"Made Inn Faro\"},\"image\":{\"@id\":\"https:\\\/\\\/madeinnfaro.pt\\\/en\\\/#\\\/schema\\\/logo\\\/image\\\/\"}}]}<\/script>\n<!-- \/ Yoast SEO plugin. -->","yoast_head_json":{"title":"Privacy Policy and Personal Data Protection - Made Inn Faro","robots":{"index":"index","follow":"follow","max-snippet":"max-snippet:-1","max-image-preview":"max-image-preview:large","max-video-preview":"max-video-preview:-1"},"canonical":"https:\/\/madeinnfaro.pt\/en\/privacy-policy-and-personal-data-protection\/","og_locale":"en_US","og_type":"article","og_title":"Privacy Policy and Personal Data Protection - Made Inn Faro","og_description":"Privacy Policy and Personal Data Protection Personal For Hotel MADE INN Faro, the confidentiality and integrity of personal data of its associates, partners, or individual clients are of utmost importance. The use of data will always be carried out in accordance with the General Data Protection Regulation (Regulation (EU) 2016\/679 of the European Parliament and &hellip; Read More \"Privacy Policy and Personal Data Protection\"","og_url":"https:\/\/madeinnfaro.pt\/en\/privacy-policy-and-personal-data-protection\/","og_site_name":"Made Inn Faro","article_modified_time":"2023-07-17T08:31:20+00:00","twitter_card":"summary_large_image","twitter_misc":{"Est. reading time":"5 minutes"},"schema":{"@context":"https:\/\/schema.org","@graph":[{"@type":"WebPage","@id":"https:\/\/madeinnfaro.pt\/en\/privacy-policy-and-personal-data-protection\/","url":"https:\/\/madeinnfaro.pt\/en\/privacy-policy-and-personal-data-protection\/","name":"Privacy Policy and Personal Data Protection - Made Inn Faro","isPartOf":{"@id":"https:\/\/madeinnfaro.pt\/en\/#website"},"datePublished":"2023-05-19T10:44:24+00:00","dateModified":"2023-07-17T08:31:20+00:00","breadcrumb":{"@id":"https:\/\/madeinnfaro.pt\/en\/privacy-policy-and-personal-data-protection\/#breadcrumb"},"inLanguage":"en-US","potentialAction":[{"@type":"ReadAction","target":["https:\/\/madeinnfaro.pt\/en\/privacy-policy-and-personal-data-protection\/"]}]},{"@type":"BreadcrumbList","@id":"https:\/\/madeinnfaro.pt\/en\/privacy-policy-and-personal-data-protection\/#breadcrumb","itemListElement":[{"@type":"ListItem","position":1,"name":"In\u00edcio","item":"https:\/\/madeinnfaro.pt\/en\/"},{"@type":"ListItem","position":2,"name":"Privacy Policy and Personal Data Protection"}]},{"@type":"WebSite","@id":"https:\/\/madeinnfaro.pt\/en\/#website","url":"https:\/\/madeinnfaro.pt\/en\/","name":"Made Inn Faro","description":"O Hotel MADE INN Faro \u00e9 um hotel urbano, elegante, pr\u00e1tico e muito confort\u00e1vel. Situado na cidade de Faro, capital de distrito do sotavento Algarvio, tem vistas para a cidade e para a Ria Formosa.","publisher":{"@id":"https:\/\/madeinnfaro.pt\/en\/#organization"},"potentialAction":[{"@type":"SearchAction","target":{"@type":"EntryPoint","urlTemplate":"https:\/\/madeinnfaro.pt\/en\/?s={search_term_string}"},"query-input":{"@type":"PropertyValueSpecification","valueRequired":true,"valueName":"search_term_string"}}],"inLanguage":"en-US"},{"@type":"Organization","@id":"https:\/\/madeinnfaro.pt\/en\/#organization","name":"Made Inn Faro","url":"https:\/\/madeinnfaro.pt\/en\/","logo":{"@type":"ImageObject","inLanguage":"en-US","@id":"https:\/\/madeinnfaro.pt\/en\/#\/schema\/logo\/image\/","url":"https:\/\/madeinnfaro.pt\/wp-content\/uploads\/2023\/05\/logo-made-inn-faro_250.png","contentUrl":"https:\/\/madeinnfaro.pt\/wp-content\/uploads\/2023\/05\/logo-made-inn-faro_250.png","width":250,"height":169,"caption":"Made Inn Faro"},"image":{"@id":"https:\/\/madeinnfaro.pt\/en\/#\/schema\/logo\/image\/"}}]}},"_links":{"self":[{"href":"https:\/\/madeinnfaro.pt\/en\/wp-json\/wp\/v2\/pages\/6547","targetHints":{"allow":["GET"]}}],"collection":[{"href":"https:\/\/madeinnfaro.pt\/en\/wp-json\/wp\/v2\/pages"}],"about":[{"href":"https:\/\/madeinnfaro.pt\/en\/wp-json\/wp\/v2\/types\/page"}],"author":[{"embeddable":true,"href":"https:\/\/madeinnfaro.pt\/en\/wp-json\/wp\/v2\/users\/1"}],"replies":[{"embeddable":true,"href":"https:\/\/madeinnfaro.pt\/en\/wp-json\/wp\/v2\/comments?post=6547"}],"version-history":[{"count":5,"href":"https:\/\/madeinnfaro.pt\/en\/wp-json\/wp\/v2\/pages\/6547\/revisions"}],"predecessor-version":[{"id":6846,"href":"https:\/\/madeinnfaro.pt\/en\/wp-json\/wp\/v2\/pages\/6547\/revisions\/6846"}],"wp:attachment":[{"href":"https:\/\/madeinnfaro.pt\/en\/wp-json\/wp\/v2\/media?parent=6547"}],"curies":[{"name":"wp","href":"https:\/\/api.w.org\/{rel}","templated":true}]}}